{"id":1232,"date":"2021-04-28T22:00:49","date_gmt":"2021-04-28T21:00:49","guid":{"rendered":"https:\/\/www.artsnapp.com\/?post_type=tribe_events&#038;p=1232"},"modified":"2021-04-28T22:00:49","modified_gmt":"2021-04-28T21:00:49","slug":"sound-and-silence-der-klang-der-stille-in-der-kunst-der-gegenwart","status":"publish","type":"tribe_events","link":"https:\/\/www.artamiga.com\/event\/sound-and-silence-der-klang-der-stille-in-der-kunst-der-gegenwart\/","title":{"rendered":"Sound and Silence Der Klang der Stille in der Kunst der Gegenwart"},"content":{"rendered":"<p class=\"smalltext\">27.05. &#8211; 05.09.2021<\/p>\n<p>&#8220;Die Ausstellung <em>Sound and Silence<\/em> widmet sich dem Thema der Stille und des Schweigens im Feld der aktuellen Bildenden Kunst. Die Pr\u00e4sentation wird im Blick auf das Jubil\u00e4um des 250. Geburtstags von Ludwig von Beethoven realisiert und nimmt den fortschreitenden Prozess seiner Ertaubung als Ausgangspunkt f\u00fcr die grunds\u00e4tzliche Frage nach dem Verh\u00e4ltnis von Klang und Stille, der produktiven und zugleich zerst\u00f6rerischen Kraft des Schweigens und der Unm\u00f6glichkeit einer v\u00f6lligen Stille. Die Ausstellung, die ganz bewusst kein Beitrag zur Geschichte der Musik sein will, macht den Klang der Stille in einem breiten medialen Panorama, das Installationen, Performances, Videos, Filme, Fotos, Zeichnungen umfasst, in ganz unterschiedlicher Weise fassbar: als L\u00fccke oder F\u00fclle, als Monotonie, Wiederholung und Speicher; als Pause oder \u00dcberlagerung und Cluster, als laute Stille oder zerst\u00f6rter Klang, als Wechselspiel zwischen meditativer Versenkung, erzwungenen Schweigen und stillem Widerstand, und nicht zuletzt als ambivalenter Ausdruck von Sinn und Sinnlosigkeit.<\/p>\n<p><strong>K\u00fcnstler*innen:<\/strong><br \/>\nMarina Abramovi<em>\u0107<\/em><em>,<\/em> Absalon, Nevin Alada\u011f, Arturo Hern\u00e1ndez Alcazar, Dave Allen, Jennifer Allora &amp; Guillermo Calzadilla, William Anastasi, Laurie Anderson, John Baldessari, Benjamin Bergmann, Jane Benson, Joseph Beuys, Tatiana Blass, Manon de Boer, Maya Bringolf, Christoph B\u00fcchel, Julia B\u00fcnnagel, John Cage, Hanne Darboven, Bogomir Ecker, Robert Filliou, Terry Fox, Al Hansen, Sofia Hult\u00e9n, Pierre Huyghe, Annika Kahrs, Idris Khan, Christina Kubisch, Bernhard Leitner, Alvin Lucier, Christian Marclay, Teresa Margolles, Kris Martin, Jonathan Monk, Peter Moore, Janis Elias M\u00fcller, Carsten Nicolai, Yoko Ono, Dennis Oppenheim, Nam June Paik, Susan Philipsz, Riccarda Roggan, Anri Sala, Erwin Schulhoff, Sigrid Sigurdsson\/Gunnar Brandt-Sigurdsson, Juergen Staack, Timm Ulrichs, Jorinde Voigt, Gillian Wearing, Samson Young, David Zink Yi, Artur \u017bmijewski&#8221;<\/p>\n<p>https:\/\/www.kunstmuseum-bonn.de\/nocache\/ausstellungen\/vorschau\/info\/sound-and-silence-4230\/<\/p>\n","protected":false},"excerpt":{"rendered":"<p>27.05. &#8211; 05.09.2021 &#8220;Die Ausstellung Sound and Silence widmet sich dem Thema der Stille und des Schweigens im Feld der aktuellen Bildenden Kunst. Die Pr\u00e4sentation&hellip;<\/p>\n","protected":false},"author":18,"featured_media":1234,"comment_status":"open","ping_status":"closed","template":"","meta":{"_FSMCFIC_featured_image_caption":"","_FSMCFIC_featured_image_nocaption":"","_FSMCFIC_featured_image_hide":"","_tribe_events_status":"","_tribe_events_status_reason":"","_tribe_events_is_hybrid":"","_tribe_events_is_virtual":"","_tribe_events_virtual_video_source":"","_tribe_events_virtual_embed_video":"","_tribe_events_virtual_linked_button_text":"","_tribe_events_virtual_linked_button":"","_tribe_events_virtual_show_embed_at":"","_tribe_events_virtual_show_embed_to":[],"_tribe_events_virtual_show_on_event":"","_tribe_events_virtual_show_on_views":"","_tribe_events_virtual_url":"","footnotes":""},"tags":[],"tribe_events_cat":[137],"class_list":["post-1232","tribe_events","type-tribe_events","status-publish","has-post-thumbnail","hentry","tribe_events_cat-exhibition","cat_exhibition"],"_links":{"self":[{"href":"https:\/\/www.artamiga.com\/api-json\/wp\/v2\/tribe_events\/1232","targetHints":{"allow":["GET"]}}],"collection":[{"href":"https:\/\/www.artamiga.com\/api-json\/wp\/v2\/tribe_events"}],"about":[{"href":"https:\/\/www.artamiga.com\/api-json\/wp\/v2\/types\/tribe_events"}],"author":[{"embeddable":true,"href":"https:\/\/www.artamiga.com\/api-json\/wp\/v2\/users\/18"}],"replies":[{"embeddable":true,"href":"https:\/\/www.artamiga.com\/api-json\/wp\/v2\/comments?post=1232"}],"version-history":[{"count":0,"href":"https:\/\/www.artamiga.com\/api-json\/wp\/v2\/tribe_events\/1232\/revisions"}],"wp:featuredmedia":[{"embeddable":true,"href":"https:\/\/www.artamiga.com\/api-json\/wp\/v2\/media\/1234"}],"wp:attachment":[{"href":"https:\/\/www.artamiga.com\/api-json\/wp\/v2\/media?parent=1232"}],"wp:term":[{"taxonomy":"post_tag","embeddable":true,"href":"https:\/\/www.artamiga.com\/api-json\/wp\/v2\/tags?post=1232"},{"taxonomy":"tribe_events_cat","embeddable":true,"href":"https:\/\/www.artamiga.com\/api-json\/wp\/v2\/tribe_events_cat?post=1232"}],"curies":[{"name":"wp","href":"https:\/\/api.w.org\/{rel}","templated":true}]}}